{"id":4785,"date":"2022-04-24T12:03:31","date_gmt":"2022-04-24T10:03:31","guid":{"rendered":"https:\/\/www.wuestenrot.sk\/?p=4785"},"modified":"2022-04-24T12:03:31","modified_gmt":"2022-04-24T10:03:31","slug":"jarne-prazdniny-v-zahranici-stravilo-viac-slovakov-ako-pred-pandemiou","status":"publish","type":"tlacova-sprava","link":"https:\/\/www.wuestenrot.sk\/tlacova-sprava\/jarne-prazdniny-v-zahranici-stravilo-viac-slovakov-ako-pred-pandemiou\/","title":{"rendered":"Jarn\u00e9 pr\u00e1zdniny v zahrani\u010d\u00ed str\u00e1vilo viac Slov\u00e1kov ako pred pand\u00e9miou"},"content":{"rendered":"<p><strong>Obavy z pand\u00e9mie sa definit\u00edve vytratili z \u00favah pri pl\u00e1novan\u00ed dovoleniek. Snaha vynahradi\u0165 si zame\u0161kan\u00e9, uvo\u013enen\u00e9 opatrenia a lacn\u00e9 letenky zv\u00fd\u0161ili z\u00e1ujem str\u00e1vi\u0165 tohtoro\u010dn\u00e9 jarn\u00e9 pr\u00e1zdniny mimo Slovenska. \u010c\u00edsla uzatvoren\u00fdch cestovn\u00fdch poisten\u00ed dokonca predbehli predpandemick\u00fa \u00farove\u0148.&nbsp;<\/strong><\/p>\n<p>Tohtoro\u010dn\u00e9 jarn\u00e9 pr\u00e1zdniny si slovensk\u00ed klienti u\u017eili v zahrani\u010d\u00ed viac ako pred pr\u00edchodom pand\u00e9mie COVID-19. Celkov\u00fd po\u010det uzatvoren\u00fdch cestovn\u00fdch poisten\u00ed po\u010das jarn\u00fdch pr\u00e1zdnin st\u00fapol o 17 percent v porovnan\u00ed s rovnak\u00fdm obdob\u00edm roku 2019. Najv\u00e4\u010d\u0161\u00ed z\u00e1ujem vycestova\u0165 po\u010das pr\u00e1zdnin pois\u0165ov\u0148a W\u00fcstenrot evidovala v Ko\u0161ickom a Pre\u0161ovskom kraji.&nbsp;<\/p>\n<p><em>\u201ePrv\u00fd kvart\u00e1l roka 2022 potvrdil trend n\u00e1vratu do \u0161tandardn\u00fdch cestovn\u00fdch zvyklost\u00ed. Ve\u013ek\u00fa \u00falohu zrejme zohrali cenovo dostupn\u00e9 spiato\u010dn\u00e9 letenky do r\u00f4znych destin\u00e1ci\u00ed, t\u00fa\u017eba po dovolenke a \u00fanava z obmedzen\u00ed v posledn\u00fdch dvoch rokoch,\u201c&nbsp;<\/em>hovor\u00ed Zuzana Adamcov\u00e1, analyti\u010dka skupiny W\u00fcstenrot. Pri\u010dom podot\u00fdka, \u017ee tohtoro\u010dn\u00e9 \u010d\u00edsla boli porovn\u00e1van\u00e9 s rokom 2019 preto, aby boli o\u010disten\u00e9 od obmedzen\u00ed rokov 2020 a 2021.<\/p>\n<p>Zv\u00fd\u0161en\u00fd z\u00e1ujem dominoval po\u010das obdobia jarn\u00fdch pr\u00e1zdnin vo v\u0161etk\u00fdch krajoch. Najviac v\u0161ak vzr\u00e1stol v Ko\u0161ickom a Pre\u0161ovskom kraji, takmer o 28 percent v porovnan\u00ed s rokom 2019. O 24 percent st\u00fapol v Banskobystrickom, Tren\u010dianskom a \u017dilinskom kraji. &nbsp;V Z\u00e1padoslovenskom kraji pois\u0165ov\u0148a evidovala po\u010das jarn\u00fdch pr\u00e1zdnin n\u00e1rast o osem percent. Pod\u013ea analyti\u010dky, v\u0161ak faktory podporuj\u00face z\u00e1ujem o dovolenku v zahrani\u010d\u00ed s\u00fa len do\u010dasn\u00e9.<\/p>\n<p>\u201e<em>Je ot\u00e1zkou \u010dasu, kedy aj leteck\u00e9 spolo\u010dnosti do svojich cien bud\u00fa n\u00faten\u00e9 premietnu\u0165 zvy\u0161uj\u00face sa n\u00e1klady na paliv\u00e1 \u010di mzdy. Z\u00e1rove\u0148, ubytovacie zariadenia vy\u0161\u0161\u00ed dopyt a rast\u00face ceny energi\u00ed a platov rovnako zahrn\u00fa do cenotvorby,\u201c&nbsp;<\/em>pokra\u010duje Zuzana Adamcov\u00e1.<\/p>\n<p>Analytici skupiny W\u00fcstenrot si \u0161peci\u00e1lne posvietili na obdobie od 24. febru\u00e1ra 2022 do konca marca. Teda na obdobie, kedy u\u017e prebiehala vojna na Ukrajine. \u010c\u00edsla v\u0161ak nepotvrdili, \u017ee sa konflikt podp\u00edsal na z\u00e1ujme vycestova\u0165.<\/p>\n<p><em>\u201ePo\u010das dan\u00e9ho obdobia po\u010det uzatvoren\u00fdch poisten\u00ed st\u00fapol o takmer \u0161tvrtinu oproti predpandemick\u00e9mu obdobiu. No a\u017e dve tretiny tvorili kr\u00e1tkodob\u00e9 cestovn\u00e9 poistenia, kedy je term\u00edn dovolenky presne dan\u00fd,\u201c<\/em> uzatv\u00e1ra Zuzana Adamcov\u00e1.<\/p>\n","protected":false},"featured_media":0,"template":"","acf":[],"_links":{"self":[{"href":"https:\/\/www.wuestenrot.sk\/api\/wp\/v2\/tlacova-sprava\/4785"}],"collection":[{"href":"https:\/\/www.wuestenrot.sk\/api\/wp\/v2\/tlacova-sprava"}],"about":[{"href":"https:\/\/www.wuestenrot.sk\/api\/wp\/v2\/types\/tlacova-sprava"}],"wp:attachment":[{"href":"https:\/\/www.wuestenrot.sk\/api\/wp\/v2\/media?parent=4785"}],"curies":[{"name":"wp","href":"https:\/\/api.w.org\/{rel}","templated":true}]}}