{"id":6873,"date":"2026-02-12T08:51:01","date_gmt":"2026-02-12T07:51:01","guid":{"rendered":"https:\/\/www.wuestenrot.sk\/?post_type=tlacova-sprava&#038;p=6873"},"modified":"2026-02-13T08:51:39","modified_gmt":"2026-02-13T07:51:39","slug":"jarne-prazdniny-na-lyziach-pocet-urazov-stupol-o-14-pozor-aj-na-nove-pravidla","status":"publish","type":"tlacova-sprava","link":"https:\/\/www.wuestenrot.sk\/tlacova-sprava\/jarne-prazdniny-na-lyziach-pocet-urazov-stupol-o-14-pozor-aj-na-nove-pravidla\/","title":{"rendered":"Jarn\u00e9 pr\u00e1zdniny na ly\u017eiach: Po\u010det \u00farazov st\u00fapol o 14 %,  pozor aj na nov\u00e9 pravidl\u00e1."},"content":{"rendered":"<p><strong><em>Po\u010das jarn\u00fdch pr\u00e1zdnin smeruj\u00fa tis\u00edce slovensk\u00fdch rod\u00edn na ly\u017eiarske pobyty doma aj v zahrani\u010d\u00ed, pri\u010dom \u00fadaje pois\u0165ovne W\u00fcstenrot za rok 2025 ukazuj\u00fa, \u017ee a\u017e 89 % poisten\u00fdch rod\u00edn s de\u0165mi tr\u00e1vilo pr\u00e1zdniny v eur\u00f3pskych destin\u00e1ci\u00e1ch. S rast\u00facim po\u010dtom n\u00e1v\u0161tevn\u00edkov svahov z\u00e1rove\u0148 prib\u00fada aj po\u010det \u00farazov, preto by cestovn\u00e9 poistenie vr\u00e1tane poistenia z\u00e1sahu Horskej z\u00e1chrannej slu\u017eby nemalo ch\u00fdba\u0165 v pr\u00edprave na zimn\u00fa dovolenku.<\/em><\/strong><\/p>\n<p><strong>\u00a0<\/strong><strong>Z\u00e1sahy z\u00e1chran\u00e1rov rast\u00fa <\/strong><\/p>\n<p>Pod\u013ea \u00fadajov Ministerstva vn\u00fatra SR horsk\u00ed z\u00e1chran\u00e1ri v roku 2025 zasahovali celkovo 3 125-kr\u00e1t, pri\u010dom a\u017e 2 205 z\u00e1sahov sa odohralo na ly\u017eiarskych tratiach, \u010do predstavuje o\u00a014 % viac z\u00e1sahov ako v\u00a0roku 2024. Rast\u00faci po\u010det z\u00e1sahov potvrdzuje, \u017ee zimn\u00e9 \u0161porty patria medzi aktivity s vy\u0161\u0161\u00edm rizikom \u00farazu a n\u00e1klady spojen\u00e9 so z\u00e1chrannou akciou \u010di n\u00e1slednou zdravotnou starostlivos\u0165ou sa m\u00f4\u017eu pohybova\u0165 v stovk\u00e1ch a\u017e tis\u00edcoch eur.<\/p>\n<p><strong>Eur\u00f3pske destin\u00e1cie dominuj\u00fa<\/strong><\/p>\n<p>\u0160tatistiky pois\u0165ovne ukazuj\u00fa, \u017ee po\u010das minuloro\u010dn\u00fdch jarn\u00fdch pr\u00e1zdnin tvorili rodiny s de\u0165mi 41 % klientov, pri\u010dom v\u00e4\u010d\u0161ina z nich smerovala do eur\u00f3pskych ly\u017eiarskych stred\u00edsk a preferovala krat\u0161ie, \u0161tvord\u0148ov\u00e9 a\u017e p\u00e4\u0165d\u0148ov\u00e9 pobyty. <em>\u201eRodiny pri pl\u00e1novan\u00ed \u010doraz viac oce\u0148uj\u00fa flexibilitu a rozhodnutie o poisten\u00ed si \u010dasto nech\u00e1vaj\u00fa na posledn\u00fa chv\u00ed\u013eu. A\u017e 38 % z\u00a0nich uzatvorilo poistenie de\u0148 pred odchodom a \u010fal\u0161\u00edch 19 % v de\u0148 cesty, \u010do potvrdzuje, \u017ee cestovn\u00e9 poistenie je pevnou s\u00fa\u010das\u0165ou fin\u00e1lnych pr\u00edprav na dovolenku,\u201c<\/em> informuje Patrik Klimko, riadite\u013e \u00faseku v\u00fdvoja produktov pois\u0165ovne W\u00fcstenrot.<\/p>\n<p><strong>Povinn\u00e9 prilby u\u017e pre v\u0161etk\u00fdch do 18 rokov<\/strong><\/p>\n<p>Osobitn\u00fa pozornos\u0165 si vy\u017eaduj\u00fa deti, ktor\u00e9 \u010dasto neodhadn\u00fa r\u00fdchlos\u0165, ter\u00e9n ani svoje schopnosti, \u010d\u00edm sa zvy\u0161uje riziko p\u00e1du \u010di kol\u00edzie. Zatia\u013e \u010do doteraz bola ochrana hlavy na svahoch povinn\u00e1 pre deti do 15 rokov, od janu\u00e1ra 2026 sa t\u00e1to hranica pos\u00fava a\u00a0nosenie ly\u017eiarskej prilby je na slovensk\u00fdch svahoch povinn\u00e9 pre v\u0161etk\u00fdch mladistv\u00fdch do 18 rokov. \u201e<em>Medzi naj\u010dastej\u0161ie zimn\u00e9 \u00farazy patria zlomeniny kon\u010dat\u00edn, poranenia kolien, pomlia\u017edeniny \u010di zr\u00e1\u017eky ly\u017eiarov, ktor\u00e9 \u010dasto vznikaj\u00fa pri neprimeranej r\u00fdchlosti alebo nedostato\u010dnej kontrole nad jazdou. Posunutie vekovej hranice na 18 rokov preto vn\u00edmame ako pozit\u00edvny krok, ktor\u00fd m\u00f4\u017ee prispie\u0165 k\u00a0zn\u00ed\u017eeniu v\u00e1\u017enych zranen\u00ed. Poistenie Horskej z\u00e1chrannej slu\u017eby na Slovensku alebo cestovn\u00e9 poistenie v zahrani\u010d\u00ed preto zohr\u00e1va d\u00f4le\u017eit\u00fa \u00falohu nielen pri kryt\u00ed lie\u010debn\u00fdch n\u00e1kladov, ale aj pri poisten\u00ed zodpovednosti za \u0161kodu, ak ly\u017eiar sp\u00f4sob\u00ed ujmu na zdrav\u00ed alebo majetku inej osobe,\u201c<\/em> dop\u013a\u0148a P. Klimko.<\/p>\n<p><strong>\u00a0<\/strong><strong>Alkohol na ly\u017eiarskych svahoch zvy\u0161uje riziko neh\u00f4d<\/strong><\/p>\n<p>Alkohol zni\u017euje pozornos\u0165, koordin\u00e1ciu aj schopnos\u0165 reagova\u0165 na situ\u00e1cie na svahu, \u010d\u00edm sa zvy\u0161uje riziko kol\u00edzi\u00ed. <em>\u201eLy\u017eiari by mali myslie\u0165 na to, \u017ee u\u017eitie alkoholu patr\u00ed medzi \u010dast\u00e9 v\u00fdluky z poistenia. V pr\u00edpade \u00farazu tak m\u00f4\u017eu n\u00e1klady na o\u0161etrenie alebo z\u00e1sah horsk\u00fdch z\u00e1chran\u00e1rov zn\u00e1\u0161a\u0165 sami. Zodpovedn\u00e9 spr\u00e1vanie je rovnako d\u00f4le\u017eit\u00e9 ako samotn\u00e9 poistenie \u2013 jeho cie\u013eom je chr\u00e1ni\u0165 klienta pri nepredv\u00eddan\u00fdch situ\u00e1ci\u00e1ch, nie pri vedomom riskovan\u00ed,\u201c <\/em>upozor\u0148uje P. Klimko. Zimn\u00e1 dovolenka m\u00e1 by\u0165 rados\u0165ou, nie rizikom \u2013 pl\u00e1nujte ju preto zodpovedne, s poisten\u00edm, prilbou a bez alkoholu na svahu.<\/p>\n","protected":false},"featured_media":0,"template":"","acf":[],"_links":{"self":[{"href":"https:\/\/www.wuestenrot.sk\/api\/wp\/v2\/tlacova-sprava\/6873"}],"collection":[{"href":"https:\/\/www.wuestenrot.sk\/api\/wp\/v2\/tlacova-sprava"}],"about":[{"href":"https:\/\/www.wuestenrot.sk\/api\/wp\/v2\/types\/tlacova-sprava"}],"wp:attachment":[{"href":"https:\/\/www.wuestenrot.sk\/api\/wp\/v2\/media?parent=6873"}],"curies":[{"name":"wp","href":"https:\/\/api.w.org\/{rel}","templated":true}]}}